{"id":1135,"date":"2025-08-09T15:06:47","date_gmt":"2025-08-09T15:06:47","guid":{"rendered":"https:\/\/connybeter.nl\/?page_id=1135"},"modified":"2026-02-28T12:22:07","modified_gmt":"2026-02-28T12:22:07","slug":"workshops","status":"publish","type":"page","link":"https:\/\/connybeter.nl\/index.php\/workshops\/","title":{"rendered":"Workshops"},"content":{"rendered":"<p>[et_pb_section fb_built=&#8221;1&#8243; next_background_color=&#8221;#ffffff&#8221; admin_label=&#8221;Header&#8221; _builder_version=&#8221;4.16&#8243; background_color=&#8221;#efebdc&#8221; background_size=&#8221;contain&#8221; background_position=&#8221;bottom_center&#8221; custom_padding=&#8221;54px||0px|||&#8221; bottom_divider_style=&#8221;waves&#8221; bottom_divider_height=&#8221;22vw&#8221; bottom_divider_repeat=&#8221;0.7x&#8221; global_colors_info=&#8221;{}&#8221;][et_pb_row _builder_version=&#8221;4.16&#8243; custom_padding=&#8221;0vw||||false|false&#8221; global_colors_info=&#8221;{}&#8221;][et_pb_column type=&#8221;4_4&#8243; _builder_version=&#8221;4.16&#8243; global_colors_info=&#8221;{}&#8221;][et_pb_text _builder_version=&#8221;4.27.4&#8243; text_font=&#8221;||||||||&#8221; text_line_height=&#8221;1.8em&#8221; header_font=&#8221;Amatic SC|700|||||||&#8221; header_font_size=&#8221;130px&#8221; header_line_height=&#8221;1.2em&#8221; text_orientation=&#8221;center&#8221; max_width=&#8221;800px&#8221; module_alignment=&#8221;center&#8221; text_font_size_tablet=&#8221;&#8221; text_font_size_phone=&#8221;18px&#8221; text_font_size_last_edited=&#8221;on|phone&#8221; header_font_size_tablet=&#8221;80px&#8221; header_font_size_phone=&#8221;60px&#8221; header_font_size_last_edited=&#8221;on|phone&#8221; global_colors_info=&#8221;{}&#8221;]<\/p>\n<h1 style=\"text-align: center;\">Workshops<\/h1>\n<h2 style=\"text-align: center;\"><span style=\"color: #008080;\"><strong data-start=\"983\" data-end=\"1026\">Laat je verrassen, raken en versterken<\/strong><\/span><\/h2>\n<p style=\"text-align: center;\"><span style=\"font-size: medium;\">Iedereen wil stevig met beide voeten op de grond staan en met een helder hoofd in het leven. Soms kom je erachter dat er dingen zijn die je tegenhouden \u2014 emoties die je in de weg zitten, patronen die je steeds weer tegenkomt.<\/span><\/p>\n<p><span style=\"font-size: medium;\">Naast de Zhineng Qigong geven wij cursussen en workshops die je stap voor stap helpen ontdekken waar jouw blokkades zitten, hoe ze zijn ontstaan en, belangrijker nog, wat je eraan kunt doen. Je leert hoe je jezelf kunt versterken met helende energie, zodat je niet alleen je eigen zelfherstellend vermogen ondersteunt, maar ook anderen kunt helpen.<\/span><\/p>\n<p><span style=\"font-size: medium;\">Het is geen zweverige zoektocht, maar een praktische en soms verrassend luchtige reis naar jezelf. Want uiteindelijk gaat het erom dat je wordt wie je bent \u2014 en wie je eigenlijk altijd al had willen zijn. <\/span><\/p>\n<p><span style=\"font-size: medium;\">Ben je nie<\/span><span style=\"text-align: left; font-size: 16px;\">uwsgierig naar energetisch werk, Qigong, Reiki of onze workshops? Kom gezellig langs tijdens de open avonden! Een mooie gelegenheid om kennis te maken met de docenten, de locatie en alles wat we aanbieden. De data en tijden vind je in de agenda.<\/span><\/p>\n<p><span style=\"font-size: medium;\"><\/span><\/p>\n<p>[\/et_pb_text][\/et_pb_column][\/et_pb_row][et_pb_row column_structure=&#8221;1_4,3_4&#8243; _builder_version=&#8221;4.27.4&#8243; global_colors_info=&#8221;{}&#8221;][et_pb_column type=&#8221;1_4&#8243; _builder_version=&#8221;4.16&#8243; background_enable_image=&#8221;off&#8221; background_size=&#8221;contain&#8221; transform_scale_tablet=&#8221;80%|80%&#8221; transform_scale_phone=&#8221;&#8221; transform_scale_last_edited=&#8221;on|tablet&#8221; transform_translate=&#8221;-75px|75px&#8221; transform_translate_tablet=&#8221;-35px|-5px&#8221; transform_translate_phone=&#8221;-55px|-5px&#8221; transform_translate_last_edited=&#8221;on|phone&#8221; transform_translate_linked=&#8221;off&#8221; transform_rotate_tablet=&#8221;&#8221; transform_rotate_phone=&#8221;&#8221; transform_rotate_last_edited=&#8221;on|desktop&#8221; transform_skew_tablet=&#8221;&#8221; transform_skew_phone=&#8221;&#8221; transform_skew_last_edited=&#8221;on|desktop&#8221; transform_origin_tablet=&#8221;&#8221; transform_origin_phone=&#8221;&#8221; transform_origin_last_edited=&#8221;on|desktop&#8221; transform_styles_last_edited=&#8221;on|phone&#8221; transform_styles_tablet=&#8221;&#8221; transform_styles_phone=&#8221;&#8221; global_colors_info=&#8221;{}&#8221;][et_pb_image src=&#8221;https:\/\/connybeter.nl\/wp-content\/uploads\/2024\/04\/Conny-KS.4.jpg&#8221; title_text=&#8221;Conny KS.4&#8243; admin_label=&#8221;Conny&#8221; _builder_version=&#8221;4.27.4&#8243; background_color=&#8221;RGBA(255,255,255,0)&#8221; transform_translate=&#8221;111px|50px&#8221; custom_margin=&#8221;||||false|false&#8221; animation_style=&#8221;roll&#8221; animation_intensity_roll=&#8221;5%&#8221; border_radii=&#8221;on|50vw|50vw|50vw|50vw&#8221; border_color_all=&#8221;#efebdc&#8221; global_colors_info=&#8221;{}&#8221;][\/et_pb_image][\/et_pb_column][et_pb_column type=&#8221;3_4&#8243; _builder_version=&#8221;4.16&#8243; global_colors_info=&#8221;{}&#8221;][et_pb_text _builder_version=&#8221;4.27.4&#8243; header_2_font=&#8221;Amatic SC|700|||||||&#8221; header_2_font_size=&#8221;80px&#8221; header_2_line_height=&#8221;1.2em&#8221; header_2_font_size_tablet=&#8221;60px&#8221; header_2_font_size_phone=&#8221;32px&#8221; header_2_font_size_last_edited=&#8221;on|phone&#8221; global_colors_info=&#8221;{}&#8221;]<\/p>\n<h2>Docent Conny<\/h2>\n<p>[\/et_pb_text][et_pb_accordion closed_toggle_background_color=&#8221;#ffffff&#8221; _builder_version=&#8221;4.27.5&#8243; toggle_font=&#8221;Amatic SC|700|||||||&#8221; toggle_font_size=&#8221;30px&#8221; toggle_line_height=&#8221;1.2em&#8221; body_font_size=&#8221;16px&#8221; body_line_height=&#8221;1.8em&#8221; border_radii=&#8221;on|10px|10px|10px|10px&#8221; border_width_all=&#8221;0px&#8221; box_shadow_style=&#8221;preset3&#8243; box_shadow_vertical=&#8221;15px&#8221; box_shadow_blur=&#8221;45px&#8221; box_shadow_spread=&#8221;-25px&#8221; box_shadow_color=&#8221;rgba(0,0,0,0.15)&#8221; global_colors_info=&#8221;{}&#8221;][et_pb_accordion_item title=&#8221;Helen met je Handen&#8221; open=&#8221;on&#8221; _builder_version=&#8221;4.27.5&#8243; body_line_height=&#8221;1.6em&#8221; min_height=&#8221;710px&#8221; global_colors_info=&#8221;{}&#8221;]<\/p>\n<h3><span style=\"color: #008080;\">Wat is heling?<\/span><\/h3>\n<p>Elk lichaam heeft een zelfhelend vermogen. Dat zie je bij een wondje dat vanzelf geneest, zweten bij wormte of trek in chocolade als je een dip in je bloedsuiker hebt. Dit natuurlijke herstelproces heet homeostase: het vermogen van het lichaam om steeds opnieuw balans te vinden.<\/p>\n<p>Kun je dit ondersteunen?<\/p>\n<p>Ja, met handen, ademhaling en gerichte aandacht kunt je dit proces activeren en versterken. Dat is eenvoudig te leren, praktisch toepasbaar en je hoeft er niet spiritueel of zweverig voor te zijn.<\/p>\n<p>Waarvoor kun je heling gebruiken?<\/p>\n<p>Bij alles wat heling nodig heeft kun je deze techniek inzetten. Het brengt ontspanning, balans, het vermindert blokkades, verlicht fysieke, emotionele en mentale klachten en zocht voor meer vitaliteit. Zowel bij acute als chronische klachten, stress of emotionele belasting.<\/p>\n<p>Hoe werkt het?<\/p>\n<p>Met een lichte aanraking plaats je je handen op de plek van de klacht. Via ademhaling en aandacht stimuleer je de energiestroom en activeer je het zelfherstellende vermogen. Door afstemming en communicatie blijft de aandacht precies daar waar nodig is.<\/p>\n<p>Werk je met je eigen energie?<\/p>\n<p>Nee, Zie jezelf als doorgeefpunt: energie stroomt door jou heen, zonder dat je iets weggeeft. Sterker nog, ook jouw eigen energieniveau wordt vaak hoger.<\/p>\n<p>&nbsp;<\/p>\n<h3 data-start=\"96\" data-end=\"120\"><span style=\"color: #008080;\">Opbouw van de cursus<\/span><\/h3>\n<p data-start=\"121\" data-end=\"512\">De cursus is opgebouwd uit overzichtelijke segmenten. Elke bijeenkomst voegt nieuwe kennis en technieken toe, zodat je na afloop beschikt over een compleet pakket aan vaardigheden om <strong data-start=\"406\" data-end=\"439\">jezelf, anderen en huisdieren<\/strong> te ondersteunen bij ontspanning en het versnellen van het herstelproces.<\/p>\n<p data-start=\"514\" data-end=\"682\">Deze zomer wordt de cursus aangeboden in <strong data-start=\"555\" data-end=\"582\">6 losse delen van 2 uur<\/strong>.<br data-start=\"583\" data-end=\"586\" \/>Je kunt de hele reeks volgen of <strong data-start=\"618\" data-end=\"638\">losse onderdelen<\/strong> kiezen als je al ervaring hebt met healing.<\/p>\n<ul data-start=\"684\" data-end=\"914\">\n<li data-start=\"684\" data-end=\"714\">\n<p data-start=\"686\" data-end=\"714\">Prijs per deel: <strong data-start=\"702\" data-end=\"712\">\u20ac 29,-<\/strong><\/p>\n<\/li>\n<li data-start=\"715\" data-end=\"787\">\n<p data-start=\"717\" data-end=\"787\">Na afloop ontvang je een <strong data-start=\"742\" data-end=\"754\">syllabus<\/strong> met alle behandelde informatie<\/p>\n<\/li>\n<li data-start=\"788\" data-end=\"914\">\n<p data-start=\"790\" data-end=\"914\">De nadruk ligt op <strong data-start=\"808\" data-end=\"824\">veel oefenen<\/strong>, alleen en met elkaar, zodat je leert energiestromen te voelen en praktisch toe te passen<\/p>\n<\/li>\n<\/ul>\n<p>De data volgen in april als het zomerprogramma bekend wordt gemaakt. Heb je interesse vraag dan om de extra informatie.\u00a0<\/p>\n<p>[\/et_pb_accordion_item][\/et_pb_accordion][\/et_pb_column][\/et_pb_row][et_pb_row column_structure=&#8221;1_4,3_4&#8243; _builder_version=&#8221;4.27.4&#8243; global_colors_info=&#8221;{}&#8221;][et_pb_column type=&#8221;1_4&#8243; _builder_version=&#8221;4.16&#8243; background_enable_image=&#8221;off&#8221; background_size=&#8221;contain&#8221; transform_scale_tablet=&#8221;80%|80%&#8221; transform_scale_phone=&#8221;&#8221; transform_scale_last_edited=&#8221;on|tablet&#8221; transform_translate=&#8221;-75px|75px&#8221; transform_translate_tablet=&#8221;-35px|-5px&#8221; transform_translate_phone=&#8221;-55px|-5px&#8221; transform_translate_last_edited=&#8221;on|phone&#8221; transform_translate_linked=&#8221;off&#8221; transform_rotate_tablet=&#8221;&#8221; transform_rotate_phone=&#8221;&#8221; transform_rotate_last_edited=&#8221;on|desktop&#8221; transform_skew_tablet=&#8221;&#8221; transform_skew_phone=&#8221;&#8221; transform_skew_last_edited=&#8221;on|desktop&#8221; transform_origin_tablet=&#8221;&#8221; transform_origin_phone=&#8221;&#8221; transform_origin_last_edited=&#8221;on|desktop&#8221; transform_styles_last_edited=&#8221;on|phone&#8221; transform_styles_tablet=&#8221;&#8221; transform_styles_phone=&#8221;&#8221; global_colors_info=&#8221;{}&#8221;][et_pb_image src=&#8221;https:\/\/connybeter.nl\/wp-content\/uploads\/2025\/08\/lilian.jpg&#8221; title_text=&#8221;lilian&#8221; admin_label=&#8221;Conny&#8221; _builder_version=&#8221;4.27.4&#8243; background_color=&#8221;RGBA(255,255,255,0)&#8221; transform_translate=&#8221;111px|50px&#8221; custom_margin=&#8221;||||false|false&#8221; animation_style=&#8221;roll&#8221; animation_intensity_roll=&#8221;5%&#8221; border_radii=&#8221;on|50vw|50vw|50vw|50vw&#8221; border_color_all=&#8221;#efebdc&#8221; global_colors_info=&#8221;{}&#8221;][\/et_pb_image][\/et_pb_column][et_pb_column type=&#8221;3_4&#8243; _builder_version=&#8221;4.16&#8243; global_colors_info=&#8221;{}&#8221;][et_pb_text _builder_version=&#8221;4.27.4&#8243; header_2_font=&#8221;Amatic SC|700|||||||&#8221; header_2_font_size=&#8221;80px&#8221; header_2_line_height=&#8221;1.2em&#8221; header_2_font_size_tablet=&#8221;60px&#8221; header_2_font_size_phone=&#8221;32px&#8221; header_2_font_size_last_edited=&#8221;on|phone&#8221; global_colors_info=&#8221;{}&#8221;]<\/p>\n<h2>Docent Lilian<\/h2>\n<p>[\/et_pb_text][et_pb_accordion closed_toggle_background_color=&#8221;#ffffff&#8221; _builder_version=&#8221;4.27.5&#8243; toggle_font=&#8221;Amatic SC|700|||||||&#8221; toggle_font_size=&#8221;30px&#8221; toggle_line_height=&#8221;1.2em&#8221; body_font_size=&#8221;16px&#8221; body_line_height=&#8221;1.8em&#8221; hover_enabled=&#8221;0&#8243; border_radii=&#8221;on|10px|10px|10px|10px&#8221; border_width_all=&#8221;0px&#8221; box_shadow_style=&#8221;preset3&#8243; box_shadow_vertical=&#8221;15px&#8221; box_shadow_blur=&#8221;45px&#8221; box_shadow_spread=&#8221;-25px&#8221; box_shadow_color=&#8221;rgba(0,0,0,0.15)&#8221; global_colors_info=&#8221;{}&#8221; sticky_enabled=&#8221;0&#8243;][et_pb_accordion_item title=&#8221;Reiki -1-&#8221; open=&#8221;off&#8221; _builder_version=&#8221;4.27.4&#8243; body_line_height=&#8221;1.6em&#8221; global_colors_info=&#8221;{}&#8221;]<\/p>\n<p>Wil je meer balans en energie ervaren in jouw leven en leren hoe je dit zelf kunt doen? Start dan met de Reiki cursus. Met Reiki 1 leer je helen door het zelf herstellend vermogen van het lichaam te activeren. Als je benieuwd bent hoe jij dit met jouw handen kunt doen om jezelf en anderen te helpen, dan is Reiki iets voor jou:<\/p>\n<p><strong>Wat gaan we doen?<\/strong><\/p>\n<ul>\n<li>Word je bewust van je lichaam en van de blokkades die er kunnen zijn<\/li>\n<li>Ontdek hoe jouw handen werken als doorgeefkanaal voor helende energie<\/li>\n<li>Leer hoe je het zelfhelend vermogen van het lichaam kunt activeren<\/li>\n<li>Ontdek hoe je fysieke klachten kunt verlichten<strong style=\"font-size: 14px;\"><\/strong><\/li>\n<\/ul>\n<p><strong style=\"font-size: 14px;\">Prijs \u20ac 200,00<\/strong><\/p>\n<ul>\n<li>Inclusief werkboek, certificaat Reiki 1, koffie, thee en lekkers.<\/li>\n<li>1 lesdag van 11:00 tot 16:30 uur, voor de lunch zorg je zelf.<\/li>\n<li>Minimum aantal deelnemers 3, maximaal 6.<\/li>\n<li>Het is fijn om gemakkelijke kleding te dragen en extra warme sokken of pantoffels mee te nemen.<\/li>\n<\/ul>\n<p><span style=\"text-decoration: underline;\">Data:<\/span><\/p>\n<ul>\n<li>Zaterdag 14 maart 2026<\/li>\n<\/ul>\n<p>[\/et_pb_accordion_item][et_pb_accordion_item title=&#8221;Reiki -2-&#8221; _builder_version=&#8221;4.27.5&#8243; global_colors_info=&#8221;{}&#8221; open=&#8221;on&#8221;]<\/p>\n<p>Vervolg op de cursus Reiki 1.<\/p>\n<p data-start=\"431\" data-end=\"504\">Je leert werken met <strong data-start=\"451\" data-end=\"475\">symbolen en mantra\u2019s<\/strong> die de energie versterken.\u00a0Je kunt op afstand behandelen (<em data-start=\"538\" data-end=\"556\">distance healing<\/em>), dus iemand helpen zonder fysieke nabijheid.\u00a0Je werkt dieper op <strong data-start=\"626\" data-end=\"658\">mentaal en emotioneel niveau<\/strong>, waardoor je ook innerlijke blokkades kunt aanpakken.<\/p>\n<p data-start=\"717\" data-end=\"783\">Doel: <em data-start=\"723\" data-end=\"781\">Meer kracht, focus en mogelijkheden in je behandelingen<\/em><em data-start=\"723\" data-end=\"781\"><\/em><\/p>\n<p><em data-start=\"723\" data-end=\"781\"><\/em><\/p>\n<p><strong style=\"font-size: 14px;\">Prijs: \u20ac 200,00<\/strong><\/p>\n<ul>\n<li>Inclusief werkboek, certificaat Reiki 1, koffie, thee en lekkers.<\/li>\n<li>1 lesdag van 11:00 tot 16:30 uur.<\/li>\n<li>Minimaal aantal deelnemers 3, maximaal 6.<\/li>\n<li>Het is fijn om gemakkelijke kleding te dragen en warme sokken of pantoffels mee te nemen.<\/li>\n<\/ul>\n<p><span style=\"text-decoration: underline;\">Data:<\/span><\/p>\n<ul>\n<li>Najaar 2026<\/li>\n<\/ul>\n<p>[\/et_pb_accordion_item][et_pb_accordion_item title=&#8221;Over Lilian&#8221; _builder_version=&#8221;4.27.5&#8243; _module_preset=&#8221;default&#8221; body_line_height=&#8221;1.6em&#8221; global_colors_info=&#8221;{}&#8221; open=&#8221;off&#8221;]<\/p>\n<p>Hoi, mijn naam is Lilian (1976) docent in o.a. Reiki en medereiziger in bewustwording.<\/p>\n<p>Als kind merkte ik dat niet iedereen de (subtiele) wereld kon voelen en heb het om die reden ook een tijd geblokt. In mijn tienerjaren kwam ik in aanraking met Reiki en dit voelde als thuiskomen. Na jaren van persoonlijke ontwikkeling, intu\u00eftieve groei en scholing, voel ik dat de tijd rijp is om mijn ervaringen te delen. Ik werk vanuit rust, helderheid en verbinding, met aandacht voor wie jij bent en waar jij staat.<\/p>\n<p>Reiki en andere vormen van healing zijn voor mij geen losse technieken, maar een manier van leven: voelen, afstemmen en thuiskomen bij jezelf. Met meditatie, healing en bewustwording help ik je om rust, helderheid en vertrouwen te ervaren. Stap voor stap op jouw tempo.<\/p>\n<p>Klaar om samen te ontdekken wat er in jou aangeraakt en getransformeerd mag worden? Je bent van harte welkom.<\/p>\n<p>[\/et_pb_accordion_item][et_pb_accordion_item title=&#8221;Aanmelden of vragen?&#8221; _builder_version=&#8221;4.27.4&#8243; _module_preset=&#8221;default&#8221; body_line_height=&#8221;1.6em&#8221; global_colors_info=&#8221;{}&#8221; open=&#8221;off&#8221;]<\/p>\n<p>Wil je opgeven of heb je vragen over mijn aanbod, dan kun je me altijd even bellen, appen of mailen.<\/p>\n<p>\ud83d\udcde 06-21 39 77 41<br data-start=\"667\" data-end=\"670\" \/>\ud83d\udce7 <a data-start=\"673\" data-end=\"699\" class=\"cursor-pointer\" rel=\"noopener\">lilianvanderpijl@gmail.com<\/a><\/p>\n<p>[\/et_pb_accordion_item][\/et_pb_accordion][\/et_pb_column][\/et_pb_row][et_pb_row column_structure=&#8221;1_4,3_4&#8243; _builder_version=&#8221;4.27.4&#8243; global_colors_info=&#8221;{}&#8221;][et_pb_column type=&#8221;1_4&#8243; _builder_version=&#8221;4.16&#8243; background_enable_image=&#8221;off&#8221; background_size=&#8221;contain&#8221; transform_scale_tablet=&#8221;80%|80%&#8221; transform_scale_phone=&#8221;&#8221; transform_scale_last_edited=&#8221;on|tablet&#8221; transform_translate=&#8221;-75px|75px&#8221; transform_translate_tablet=&#8221;-35px|-5px&#8221; transform_translate_phone=&#8221;-55px|-5px&#8221; transform_translate_last_edited=&#8221;on|phone&#8221; transform_translate_linked=&#8221;off&#8221; transform_rotate_tablet=&#8221;&#8221; transform_rotate_phone=&#8221;&#8221; transform_rotate_last_edited=&#8221;on|desktop&#8221; transform_skew_tablet=&#8221;&#8221; transform_skew_phone=&#8221;&#8221; transform_skew_last_edited=&#8221;on|desktop&#8221; transform_origin_tablet=&#8221;&#8221; transform_origin_phone=&#8221;&#8221; transform_origin_last_edited=&#8221;on|desktop&#8221; transform_styles_last_edited=&#8221;on|phone&#8221; transform_styles_tablet=&#8221;&#8221; transform_styles_phone=&#8221;&#8221; global_colors_info=&#8221;{}&#8221;][et_pb_image src=&#8221;https:\/\/connybeter.nl\/wp-content\/uploads\/2025\/08\/Arianne.jpg&#8221; title_text=&#8221;Arianne&#8221; admin_label=&#8221;Conny&#8221; _builder_version=&#8221;4.27.4&#8243; background_color=&#8221;RGBA(255,255,255,0)&#8221; transform_translate=&#8221;111px|50px&#8221; custom_margin=&#8221;||||false|false&#8221; animation_style=&#8221;roll&#8221; animation_intensity_roll=&#8221;5%&#8221; border_radii=&#8221;on|50vw|50vw|50vw|50vw&#8221; border_color_all=&#8221;#efebdc&#8221; global_colors_info=&#8221;{}&#8221;][\/et_pb_image][\/et_pb_column][et_pb_column type=&#8221;3_4&#8243; _builder_version=&#8221;4.16&#8243; global_colors_info=&#8221;{}&#8221;][et_pb_text _builder_version=&#8221;4.27.4&#8243; header_2_font=&#8221;Amatic SC|700|||||||&#8221; header_2_font_size=&#8221;80px&#8221; header_2_line_height=&#8221;1.2em&#8221; header_2_font_size_tablet=&#8221;60px&#8221; header_2_font_size_phone=&#8221;32px&#8221; header_2_font_size_last_edited=&#8221;on|phone&#8221; global_colors_info=&#8221;{}&#8221;]<\/p>\n<h2>Docent Arianne<\/h2>\n<p>[\/et_pb_text][et_pb_accordion closed_toggle_background_color=&#8221;#ffffff&#8221; _builder_version=&#8221;4.27.5&#8243; toggle_font=&#8221;Amatic SC|700|||||||&#8221; toggle_font_size=&#8221;30px&#8221; toggle_line_height=&#8221;1.2em&#8221; body_font_size=&#8221;16px&#8221; body_line_height=&#8221;1.8em&#8221; border_radii=&#8221;on|10px|10px|10px|10px&#8221; border_width_all=&#8221;0px&#8221; box_shadow_style=&#8221;preset3&#8243; box_shadow_vertical=&#8221;15px&#8221; box_shadow_blur=&#8221;45px&#8221; box_shadow_spread=&#8221;-25px&#8221; box_shadow_color=&#8221;rgba(0,0,0,0.15)&#8221; global_colors_info=&#8221;{}&#8221;][et_pb_accordion_item title=&#8221;25 Vragen&#8221; _builder_version=&#8221;4.27.5&#8243; body_line_height=&#8221;1.6em&#8221; global_colors_info=&#8221;{}&#8221; open=&#8221;on&#8221;]<\/p>\n<p><span style=\"color: #800080;\"><strong>Eerlijke gesprekken die er toe doen!<\/strong><\/span><\/p>\n<p>Bij<strong> 25 Vragen<\/strong> trekt iedere deelnemer blind <strong>een kaartje<\/strong> met een vraag. Vervolgens gaan we met elkaar in gesprek over wat er op het kaartje staat. Het zijn gesprekken over het leven van alledag, over de uitdagingen en ervaringen die we allemaal kennen. We schuwen de diepgang niet en spreken open en eerlijk met elkaar.<\/p>\n<p>De vragen vari\u00ebren van reflectief tot persoonlijk, zoals:<\/p>\n<ul>\n<li>Wat is de belangrijkste droom die je nog wilt verwezenlijken?<\/li>\n<li>Vind jij het moeilijk om altijd jezelf te zijn?<\/li>\n<li>Voel jij je wel eens afgewezen?<\/li>\n<\/ul>\n<p>25 Vragen <strong>nodigt je uit<\/strong> tot echte, directe dialogen. Het is een kans om te luisteren, te delen en nieuwe inzichten over jezelf en anderen te ontdekken.<\/p>\n<p>&nbsp;<\/p>\n<p>Ben jij erbij?<\/p>\n<ul>\n<li><span style=\"font-size: 16px;\">Woensdag 1 april\u00a0<\/span><\/li>\n<li><span style=\"font-size: 16px;\">Woensdag 15 april<\/span><\/li>\n<li><span style=\"font-size: 16px;\">Tijd: 19:15-21:15 uur<\/span><\/li>\n<li><span style=\"font-size: 16px;\">Kosten: \u20ac 25,00<\/span><\/li>\n<\/ul>\n<p>[\/et_pb_accordion_item][et_pb_accordion_item title=&#8221;Leid je eigen leven&#8221; _builder_version=&#8221;4.27.5&#8243; body_line_height=&#8221;1.6em&#8221; global_colors_info=&#8221;{}&#8221; open=&#8221;off&#8221;]<\/p>\n<p><span style=\"color: #800080;\"><strong>Een inspirerende avond vol zelfinzicht en ontdekking<\/strong><\/span><\/p>\n<p>Ben jij klaar om op een frisse en eerlijke manier naar je eigen leven te kijken? Tijdens deze avond gaan we samen ontdekken waar jij \u00e9cht aan het roer staat \u2013 en waar je misschien nog meer kunt vertrouwen op je eigen kracht.<\/p>\n<p>Dit is geen lezing waar je alleen maar luistert, maar een interactieve bijeenkomst voor mensen die nieuwsgierig zijn naar zichzelf. Mensen die niet bang zijn om met een open blik naar hun eigen patronen, keuzes en mogelijkheden te kijken.<\/p>\n<p>Samen \u2013 jij, ik (Arianne), en de andere deelnemers \u2013 gaan we in gesprek. Geen zware kost, maar een levendige dialoog waarin we met elkaar ontdekken wat ons soms nog onbewust tegenhoudt, en hoe je daar zelf verandering in kunt brengen.<\/p>\n<p>De avond is een afwisseling van theorie en praktijk, met ruimte voor iedereen om actief mee te doen. Want juist door te doen, leer je het meest over jezelf. En geloof me: iedereen kan dit. Sterker nog \u2013 ik geloof dat het voor \u00ededereen waardevol is om zichzelf beter te leren kennen.<\/p>\n<p>Ben jij erbij?<\/p>\n<ul>\n<li><span style=\"font-size: 16px;\">Woensdag 11 maart 19:15-21:15 uur<\/span><\/li>\n<li><span style=\"font-size: 16px;\">Kosten: \u20ac 25,00<\/span><\/li>\n<li><span style=\"font-size: 16px;\">Maximaal aantal deelnemers: 6<\/span><\/li>\n<\/ul>\n<p>[\/et_pb_accordion_item][et_pb_accordion_item title=&#8221;Emotionele blokkades&#8221; open=&#8221;off&#8221; _builder_version=&#8221;4.27.5&#8243; body_line_height=&#8221;1.6em&#8221; global_colors_info=&#8221;{}&#8221;]<\/p>\n<p><strong><span style=\"color: #800080;\">Emotionele blokkades \u2013 en hoe je ze kunt doorbreken<\/span><br \/><\/strong><em>Een interactieve avond vol inzicht, verbinding en beweging<\/em><\/p>\n<p>Wat zijn emotionele blokkades eigenlijk? Hoe ontstaan ze, hoe herken je ze \u2013 en vooral: hoe kun je ermee aan de slag om ruimte te maken voor nieuwe energie?<\/p>\n<p>Tijdens deze avond duiken we samen in deze vragen. We gaan op een praktische \u00e9n persoonlijke manier onderzoeken wat blokkades in je gevoelsleven je willen vertellen. Kun je benoemen wat je voelt? Wat zit er mogelijk nog vast? En hoe kun je dat gaan losmaken, stap voor stap?<\/p>\n<p>Het wordt geen les, maar een open dialoog tussen mij (Arianne) en de deelnemers. In een veilige, betrokken setting kijk je naar een voorbeeld uit je eigen leven. Je hoeft niet alles te weten of kunnen \u2013 alleen bereid zijn om met een open blik te kijken en te voelen.<\/p>\n<p>We combineren theorie en praktijk, waarbij ieder de ruimte krijgt om actief mee te doen. Geen oordeel, geen goed of fout \u2013 alleen nieuwsgierigheid en bewustwording.<\/p>\n<p>Zelf heb ik in de afgelopen 11 jaar veel ervaring opgedaan met het herkennen en doorwerken van emotionele blokkades. Ik weet hoe het voelt om vast te zitten \u00e9n hoe bevrijdend het is als je weer in beweging komt. Die kennis en ervaring deel ik graag met jou.<\/p>\n<p>Voel je welkom \u2013 dit is een middag voor iedereen die dichter bij zichzelf wil komen en zijn of haar energie weer vrijer wil laten stromen.<\/p>\n<p>&nbsp;<\/p>\n<ul>\n<li>Datum: woensdag 25 maart<\/li>\n<li>Tijd: 19:15-21:15 uur<\/li>\n<li>Kosten: \u20ac 25,00<\/li>\n<li>Maximaal aantal deelnemers: 6<\/li>\n<\/ul>\n<p>[\/et_pb_accordion_item][et_pb_accordion_item title=&#8221;Theorie in de praktijk&#8221; _builder_version=&#8221;4.27.5&#8243; _module_preset=&#8221;default&#8221; body_line_height=&#8221;1.6em&#8221; global_colors_info=&#8221;{}&#8221; open=&#8221;off&#8221;]<\/p>\n<p>In deze cursus leer je hoe je spirituele inzichten toepast in het dagelijks leven. Met praktische voorbeelden en oefeningen ontdek je hoe je bewuster kunt leven en je spirituele groei verdiept.<\/p>\n<p>Deze workshop is een vervolg op &#8216;Leid je eigen leven&#8221; en &#8220;Emotionele blokkades&#8221; en wordt later in 2026 georganiseerd.<\/p>\n<p>[\/et_pb_accordion_item][et_pb_accordion_item title=&#8221;Over Arianne&#8221; _builder_version=&#8221;4.27.4&#8243; _module_preset=&#8221;default&#8221; body_line_height=&#8221;1.6em&#8221; global_colors_info=&#8221;{}&#8221; open=&#8221;off&#8221;]<\/p>\n<p><strong><span style=\"color: #800080;\">Bewustzijn, helderheid en een eerlijk gesprek<\/span><\/strong><\/p>\n<p>Mijn naam is Arianne, bouwjaar 1968. Ik woon in Haarlem en run een winkel in Amsterdam. Maar mijn \u00e9chte werk, mijn passie, ligt in het bewust maken van mensen \u2013 bewust van wie ze werkelijk zijn, van hun patronen, hun blokkades, en van wat hen belemmert om vrij te leven.<\/p>\n<p>In \u00e9\u00e9n-op-\u00e9\u00e9n gesprekken kijk ik scherp, eerlijk en zonder oordeel mee. Waar loopt het treintje van je leven van de rails? Waar ben je niet helemaal jezelf? Waar houd je jezelf klein, of blijf je hangen in een oud verhaal?<\/p>\n<p>Ik help je dat zichtbaar te maken. Soms zit de kern op een plek waar je zelf nog niet gekeken hebt. Samen ontdekken we waar het anders kan, lichter, eenvoudiger. Ik stel vragen, spiegel, en nodig je uit om met een frisse blik naar jezelf en je overtuigingen te kijken. Zodat je oude patronen leert herkennen, en leert hoe je je gedachten \u2013 en dus je leven \u2013 positief kunt be\u00efnvloeden.<\/p>\n<p>Ik ben autodidact: wat ik heb geleerd, heb ik opgezogen, doorvoeld en direct toegepast. Mijn benadering is eerlijk, helder en zonder poespas. Niet zweverig, wel diep. Door mijn directheid ontstaat vaak snel vertrouwen \u2013 en beweging.<\/p>\n<p>[\/et_pb_accordion_item][et_pb_accordion_item title=&#8221;Aanmelden of vragen?&#8221; _builder_version=&#8221;4.27.4&#8243; _module_preset=&#8221;default&#8221; body_line_height=&#8221;1.6em&#8221; global_colors_info=&#8221;{}&#8221; open=&#8221;off&#8221;]<\/p>\n<p>Wil je opgeven of heb je vragen over mijn aanbod, dan kun je me altijd even bellen, appen of mailen.<\/p>\n<p>\ud83d\udcde 06-44 91 20 43<br data-start=\"667\" data-end=\"670\" \/>\ud83d\udce7arwix@hotmail.com<\/p>\n<p>[\/et_pb_accordion_item][\/et_pb_accordion][\/et_pb_column][\/et_pb_row][et_pb_row column_structure=&#8221;1_4,3_4&#8243; _builder_version=&#8221;4.27.4&#8243; global_colors_info=&#8221;{}&#8221;][et_pb_column type=&#8221;1_4&#8243; _builder_version=&#8221;4.16&#8243; background_enable_image=&#8221;off&#8221; background_size=&#8221;contain&#8221; transform_scale_tablet=&#8221;80%|80%&#8221; transform_scale_phone=&#8221;&#8221; transform_scale_last_edited=&#8221;on|tablet&#8221; transform_translate=&#8221;-75px|75px&#8221; transform_translate_tablet=&#8221;-35px|-5px&#8221; transform_translate_phone=&#8221;-55px|-5px&#8221; transform_translate_last_edited=&#8221;on|phone&#8221; transform_translate_linked=&#8221;off&#8221; transform_rotate_tablet=&#8221;&#8221; transform_rotate_phone=&#8221;&#8221; transform_rotate_last_edited=&#8221;on|desktop&#8221; transform_skew_tablet=&#8221;&#8221; transform_skew_phone=&#8221;&#8221; transform_skew_last_edited=&#8221;on|desktop&#8221; transform_origin_tablet=&#8221;&#8221; transform_origin_phone=&#8221;&#8221; transform_origin_last_edited=&#8221;on|desktop&#8221; transform_styles_last_edited=&#8221;on|phone&#8221; transform_styles_tablet=&#8221;&#8221; transform_styles_phone=&#8221;&#8221; global_colors_info=&#8221;{}&#8221;][et_pb_image src=&#8221;https:\/\/connybeter.nl\/wp-content\/uploads\/2025\/08\/Thea.jpg&#8221; title_text=&#8221;Thea&#8221; admin_label=&#8221;Conny&#8221; _builder_version=&#8221;4.27.4&#8243; background_color=&#8221;RGBA(255,255,255,0)&#8221; transform_translate=&#8221;111px|50px&#8221; custom_margin=&#8221;||||false|false&#8221; animation_style=&#8221;roll&#8221; animation_intensity_roll=&#8221;5%&#8221; border_radii=&#8221;on|50vw|50vw|50vw|50vw&#8221; border_color_all=&#8221;#efebdc&#8221; global_colors_info=&#8221;{}&#8221;][\/et_pb_image][\/et_pb_column][et_pb_column type=&#8221;3_4&#8243; _builder_version=&#8221;4.16&#8243; global_colors_info=&#8221;{}&#8221;][et_pb_text _builder_version=&#8221;4.27.4&#8243; header_2_font=&#8221;Amatic SC|700|||||||&#8221; header_2_font_size=&#8221;80px&#8221; header_2_line_height=&#8221;1.2em&#8221; header_2_font_size_tablet=&#8221;60px&#8221; header_2_font_size_phone=&#8221;32px&#8221; header_2_font_size_last_edited=&#8221;on|phone&#8221; global_colors_info=&#8221;{}&#8221;]<\/p>\n<h2>Docent Thea<\/h2>\n<p>[\/et_pb_text][et_pb_accordion closed_toggle_background_color=&#8221;#ffffff&#8221; _builder_version=&#8221;4.27.4&#8243; toggle_font=&#8221;Amatic SC|700|||||||&#8221; toggle_font_size=&#8221;30px&#8221; toggle_line_height=&#8221;1.2em&#8221; body_font_size=&#8221;16px&#8221; body_line_height=&#8221;1.6em&#8221; border_radii=&#8221;on|10px|10px|10px|10px&#8221; border_width_all=&#8221;0px&#8221; box_shadow_style=&#8221;preset3&#8243; box_shadow_vertical=&#8221;15px&#8221; box_shadow_blur=&#8221;45px&#8221; box_shadow_spread=&#8221;-25px&#8221; box_shadow_color=&#8221;rgba(0,0,0,0.15)&#8221; global_colors_info=&#8221;{}&#8221;][et_pb_accordion_item title=&#8221;Dansen op papier&#8221; open=&#8221;on&#8221; _builder_version=&#8221;4.27.4&#8243; body_line_height=&#8221;1.6em&#8221; global_colors_info=&#8221;{}&#8221;]<\/p>\n<p><strong><span style=\"color: #99ccff;\">Laat je meevoeren door de muziek en voel hoe de bewegingen je emoties laten stromen. <\/span><\/strong><\/p>\n<p>In deze workshop verbinden we ons met de muziek, laten onze gevoelens los en geven ze vorm op papier. Dansend, creatief en zonder oordeel &#8211; alles mag, niets is fout of goed.<\/p>\n<p>Laat je verrassen door wat eruit komt!!<\/p>\n<p>&nbsp;<\/p>\n<ul>\n<li>Datum: 2026<\/li>\n<li><span style=\"font-size: 16px;\">Kosten: \u20ac 25,00 inclusief alle materialen<\/span><\/li>\n<li>Maximaal aantal deelnemers: 6<\/li>\n<\/ul>\n<p>[\/et_pb_accordion_item][et_pb_accordion_item title=&#8221;Loslaten in de Herfst&#8221; _builder_version=&#8221;4.27.4&#8243; body_line_height=&#8221;1.6em&#8221; global_colors_info=&#8221;{}&#8221; open=&#8221;off&#8221;]<\/p>\n<p>In de herfst laat de natuur los wat niet meer nodig is. Net als vallende bladeren laten we druppels ecoline op papier vallen &#8211; vrij, zonder sturing.<\/p>\n<p>Verwonder je over wat ontstaat en ontdek wat loslaten je geeft.<\/p>\n<p>&nbsp;<\/p>\n<ul>\n<li>Datum: zaterdag 1 november<\/li>\n<li>Tijd: 14:00-15:30 uur<\/li>\n<li>Kosten: \u20ac 25,00 inclusief alle materialen.<\/li>\n<li>Maximaal aantal deelnemers: 6<\/li>\n<\/ul>\n<p>[\/et_pb_accordion_item][et_pb_accordion_item title=&#8221;Over Thea&#8221; _builder_version=&#8221;4.27.4&#8243; _module_preset=&#8221;default&#8221; body_line_height=&#8221;1.6em&#8221; global_colors_info=&#8221;{}&#8221; open=&#8221;off&#8221;]<\/p>\n<p>Ik kan me niet anders herinneren dan dat ik aan het knutselen, tekenen of handwerken was. Bezig zijn met mijn handen maakt mijn hoofd leeg, zo ontstaat er ruimte en rust.<\/p>\n<p>Om me hierin verder te verdiepen heb ik de Opleiding Genezend Tekenen gevolgd, o.a. gebaseerd op het idee van Carl Jung dat kunst <span>een weg is naar het onbewuste. Een manier om verborgen en onbekende gevoelens, gedachten en ervaringen te uiten. Zelfexpressie als middel om innerlijke conflicten te herkennen, verwerken en helen.\u00a0<\/span><\/p>\n<p><span>Sinds kort ben ik met pensioen en wil mij inzetten om middels het maken van kunst, op een zachte en ontspannen manier mensen te helpen om te helen.\u00a0<\/span><\/p>\n<p>[\/et_pb_accordion_item][et_pb_accordion_item title=&#8221;Aanmelden of vragen?&#8221; _builder_version=&#8221;4.27.4&#8243; _module_preset=&#8221;default&#8221; global_colors_info=&#8221;{}&#8221; open=&#8221;off&#8221;]<\/p>\n<p>Wil je je opgeven of heb je nog vragen over d workshops, dan kun je me altijd even bellen, appen of mailen.<\/p>\n<p>\ud83d\udcde 06-25 03 78 56<br data-start=\"667\" data-end=\"670\" \/>\ud83d\udce7theapassenier@gmail.com<\/p>\n<p>[\/et_pb_accordion_item][\/et_pb_accordion][\/et_pb_column][\/et_pb_row][et_pb_row column_structure=&#8221;1_4,3_4&#8243; _builder_version=&#8221;4.27.4&#8243; global_colors_info=&#8221;{}&#8221;][et_pb_column type=&#8221;1_4&#8243; _builder_version=&#8221;4.16&#8243; background_enable_image=&#8221;off&#8221; background_size=&#8221;contain&#8221; transform_scale_tablet=&#8221;80%|80%&#8221; transform_scale_phone=&#8221;&#8221; transform_scale_last_edited=&#8221;on|tablet&#8221; transform_translate=&#8221;-75px|75px&#8221; transform_translate_tablet=&#8221;-35px|-5px&#8221; transform_translate_phone=&#8221;-55px|-5px&#8221; transform_translate_last_edited=&#8221;on|phone&#8221; transform_translate_linked=&#8221;off&#8221; transform_rotate_tablet=&#8221;&#8221; transform_rotate_phone=&#8221;&#8221; transform_rotate_last_edited=&#8221;on|desktop&#8221; transform_skew_tablet=&#8221;&#8221; transform_skew_phone=&#8221;&#8221; transform_skew_last_edited=&#8221;on|desktop&#8221; transform_origin_tablet=&#8221;&#8221; transform_origin_phone=&#8221;&#8221; transform_origin_last_edited=&#8221;on|desktop&#8221; transform_styles_last_edited=&#8221;on|phone&#8221; transform_styles_tablet=&#8221;&#8221; transform_styles_phone=&#8221;&#8221; global_colors_info=&#8221;{}&#8221;][et_pb_image src=&#8221;https:\/\/connybeter.nl\/wp-content\/uploads\/2023\/01\/Zeezicht-4.jpg&#8221; title_text=&#8221;Zeezicht 4&#8243; admin_label=&#8221;Conny&#8221; _builder_version=&#8221;4.27.4&#8243; background_color=&#8221;RGBA(255,255,255,0)&#8221; transform_translate=&#8221;111px|50px&#8221; custom_margin=&#8221;||||false|false&#8221; animation_style=&#8221;roll&#8221; animation_intensity_roll=&#8221;5%&#8221; border_radii=&#8221;on|50vw|50vw|50vw|50vw&#8221; border_color_all=&#8221;#efebdc&#8221; global_colors_info=&#8221;{}&#8221;][\/et_pb_image][\/et_pb_column][et_pb_column type=&#8221;3_4&#8243; _builder_version=&#8221;4.16&#8243; global_colors_info=&#8221;{}&#8221;][et_pb_text _builder_version=&#8221;4.27.4&#8243; header_2_font=&#8221;Amatic SC|700|||||||&#8221; header_2_font_size=&#8221;80px&#8221; header_2_line_height=&#8221;1.2em&#8221; header_2_font_size_tablet=&#8221;60px&#8221; header_2_font_size_phone=&#8221;32px&#8221; header_2_font_size_last_edited=&#8221;on|phone&#8221; global_colors_info=&#8221;{}&#8221;]<\/p>\n<h2>Docent Sylvia<\/h2>\n<p>[\/et_pb_text][et_pb_accordion closed_toggle_background_color=&#8221;#ffffff&#8221; _builder_version=&#8221;4.27.5&#8243; toggle_font=&#8221;Amatic SC|700|||||||&#8221; toggle_font_size=&#8221;30px&#8221; toggle_line_height=&#8221;1.2em&#8221; body_font_size=&#8221;16px&#8221; body_line_height=&#8221;1.6em&#8221; border_radii=&#8221;on|10px|10px|10px|10px&#8221; border_width_all=&#8221;0px&#8221; box_shadow_style=&#8221;preset3&#8243; box_shadow_vertical=&#8221;15px&#8221; box_shadow_blur=&#8221;45px&#8221; box_shadow_spread=&#8221;-25px&#8221; box_shadow_color=&#8221;rgba(0,0,0,0.15)&#8221; global_colors_info=&#8221;{}&#8221;][et_pb_accordion_item title=&#8221;Vervangende les Yin Yang Yoga&#8221; open=&#8221;on&#8221; _builder_version=&#8221;4.27.5&#8243; global_colors_info=&#8221;{}&#8221;]<\/p>\n<p>Komend seizoen worden enkele Zhineng Qigong lessen vervangen door Yin Yang Yoga.<\/p>\n<p><span style=\"text-decoration: underline;\">Data:<\/span><\/p>\n<ul>\n<li>Maandag 16 en dinsdag 17 februari 2026<\/li>\n<li>Maandag 6 t\/m vrijdag 10 april 2026<\/li>\n<\/ul>\n<p>Deze lessen zijn geschikt voor iedereen. Mocht je hier <span style=\"text-decoration: underline;\">niet<\/span> aan mee willen doen, meldt je dan tijdig af, zodat iemand anders kan kennismaken met deze vorm van yoga.<\/p>\n<p>[\/et_pb_accordion_item][et_pb_accordion_item title=&#8221;Wat is Yin Yang Yoga?&#8221; _builder_version=&#8221;4.27.4&#8243; body_line_height=&#8221;1.6em&#8221; global_colors_info=&#8221;{}&#8221; open=&#8221;off&#8221;]<\/p>\n<p><span style=\"font-weight: 400;\">Met<\/span><span style=\"font-weight: 400;\"> Yin Yang Yoga nodig ik je uit om thuis te komen in je eigen lichaam. Ons lichaam doet zo veel voor ons en we razen vaak voorbij aan de signalen die het ons geeft. Met rustige bewegingen en begeleide meditatie wordt je je meer bewust van de energie die door je lichaam stroomt. Door de energiebanen te strekken, te bekloppen of te masseren kunnen blokkades worden opgelost. <\/span><\/p>\n<p><span style=\"font-weight: 400;\">Deze technieken uit de Do In Yoga worden verweven in de lessen. Ze zijn gebaseerd op elementen uit de filosofie van oude oosterse geneeswijzen. Yin staat voor de kalme energie die zorgt voor verstilling en ontspanning. Yang staat voor beweging en passie. Ons lichaam zoekt altijd naar een evenwicht tussen Yin en Yang. Door hier bewust van te worden kun je meer gezondheid cre\u00ebren. De lessen zullen in eerste instantie laagdrempelig worden aangeboden.<\/span><\/p>\n<p>[\/et_pb_accordion_item][et_pb_accordion_item title=&#8221;Over Sylvia&#8221; _builder_version=&#8221;4.27.4&#8243; _module_preset=&#8221;default&#8221; body_line_height=&#8221;1.6em&#8221; global_colors_info=&#8221;{}&#8221; open=&#8221;off&#8221;]<\/p>\n<p>Op dit moment volg ik de opleiding aan de Do-In Academy en ga enkele vervangende lessen geven. De intentie is dat ik hier volgend jaar start met het geven van deze vorm yoga.<\/p>\n<p>[\/et_pb_accordion_item][\/et_pb_accordion][\/et_pb_column][\/et_pb_row][\/et_pb_section][et_pb_section fb_built=&#8221;1&#8243; admin_label=&#8221;FAQ&#8221; _builder_version=&#8221;4.16&#8243; background_enable_color=&#8221;off&#8221; use_background_color_gradient=&#8221;on&#8221; background_color_gradient_stops=&#8221;#ffffff 0%|#f6f3ea 100%&#8221; background_color_gradient_start=&#8221;#ffffff&#8221; background_color_gradient_end=&#8221;#f6f3ea&#8221; background_image=&#8221;https:\/\/connybeter.nl\/wp-content\/uploads\/2022\/07\/39.png&#8221; background_size=&#8221;contain&#8221; background_position=&#8221;top_left&#8221; custom_padding=&#8221;||0px|||&#8221; global_colors_info=&#8221;{}&#8221;][et_pb_row column_structure=&#8221;1_4,3_4&#8243; _builder_version=&#8221;4.27.4&#8243; global_colors_info=&#8221;{}&#8221;][et_pb_column type=&#8221;1_4&#8243; _builder_version=&#8221;4.16&#8243; background_enable_image=&#8221;off&#8221; background_size=&#8221;contain&#8221; transform_scale_tablet=&#8221;80%|80%&#8221; transform_scale_phone=&#8221;&#8221; transform_scale_last_edited=&#8221;on|tablet&#8221; transform_translate=&#8221;-75px|75px&#8221; transform_translate_tablet=&#8221;-35px|-5px&#8221; transform_translate_phone=&#8221;-55px|-5px&#8221; transform_translate_last_edited=&#8221;on|phone&#8221; transform_translate_linked=&#8221;off&#8221; transform_rotate_tablet=&#8221;&#8221; transform_rotate_phone=&#8221;&#8221; transform_rotate_last_edited=&#8221;on|desktop&#8221; transform_skew_tablet=&#8221;&#8221; transform_skew_phone=&#8221;&#8221; transform_skew_last_edited=&#8221;on|desktop&#8221; transform_origin_tablet=&#8221;&#8221; transform_origin_phone=&#8221;&#8221; transform_origin_last_edited=&#8221;on|desktop&#8221; transform_styles_last_edited=&#8221;on|phone&#8221; transform_styles_tablet=&#8221;&#8221; transform_styles_phone=&#8221;&#8221; global_colors_info=&#8221;{}&#8221;][et_pb_image src=&#8221;https:\/\/connybeter.nl\/wp-content\/uploads\/2023\/06\/Lotus-2.jpg&#8221; title_text=&#8221;Lotus 2&#8243; _builder_version=&#8221;4.16&#8243; transform_translate=&#8221;111px|50px&#8221; custom_margin=&#8221;||||false|false&#8221; animation_style=&#8221;roll&#8221; animation_intensity_roll=&#8221;5%&#8221; border_radii=&#8221;on|50vw|50vw|50vw|50vw&#8221; border_color_all=&#8221;#efebdc&#8221; global_colors_info=&#8221;{}&#8221;][\/et_pb_image][\/et_pb_column][et_pb_column type=&#8221;3_4&#8243; _builder_version=&#8221;4.16&#8243; global_colors_info=&#8221;{}&#8221;][et_pb_text _builder_version=&#8221;4.16&#8243; header_2_font=&#8221;Amatic SC|700|||||||&#8221; header_2_font_size=&#8221;80px&#8221; header_2_line_height=&#8221;1.2em&#8221; header_2_font_size_tablet=&#8221;60px&#8221; header_2_font_size_phone=&#8221;32px&#8221; header_2_font_size_last_edited=&#8221;on|phone&#8221; global_colors_info=&#8221;{}&#8221;]<\/p>\n<h2>info<\/h2>\n<p>[\/et_pb_text][et_pb_accordion closed_toggle_background_color=&#8221;#ffffff&#8221; _builder_version=&#8221;4.27.4&#8243; toggle_font=&#8221;Amatic SC|700|||||||&#8221; toggle_font_size=&#8221;30px&#8221; toggle_line_height=&#8221;1.2em&#8221; body_font_size=&#8221;16px&#8221; body_line_height=&#8221;1.8em&#8221; border_radii=&#8221;on|10px|10px|10px|10px&#8221; border_width_all=&#8221;0px&#8221; box_shadow_style=&#8221;preset3&#8243; box_shadow_vertical=&#8221;15px&#8221; box_shadow_blur=&#8221;45px&#8221; box_shadow_spread=&#8221;-25px&#8221; box_shadow_color=&#8221;rgba(0,0,0,0.15)&#8221; global_colors_info=&#8221;{}&#8221;][et_pb_accordion_item title=&#8221;Opgeven&#8221; open=&#8221;on&#8221; _builder_version=&#8221;4.27.4&#8243; global_colors_info=&#8221;{}&#8221;]<\/p>\n<p data-start=\"91\" data-end=\"405\">Je kunt je opgeven via de docent of bij Conny.<\/p>\n<p data-start=\"91\" data-end=\"405\">Vermeld hierbij je <strong data-start=\"187\" data-end=\"226\">naam, telefoonnummer en e-mailadres. <\/strong>Dan kunnen we je bereiken bij wijzigingen. Geef ook door of er <strong data-start=\"293\" data-end=\"323\">bijzondere aandachtspunten<\/strong> zijn (zoals allergie\u00ebn, of fysieke klachten) waar we rekening mee moeten houden.<\/p>\n<p data-start=\"407\" data-end=\"643\">Na je aanmelding ontvang je een <strong data-start=\"439\" data-end=\"454\">bevestiging<\/strong> met praktische informatie, wat je mee moet nemen, eventuele kledingadviezen, de <strong data-start=\"535\" data-end=\"550\">betaalwijze<\/strong> en de <strong data-start=\"557\" data-end=\"583\">annuleringsvoorwaarden<\/strong>.<\/p>\n<p>[\/et_pb_accordion_item][et_pb_accordion_item title=&#8221;Afmelden&#8221; _builder_version=&#8221;4.27.4&#8243; global_colors_info=&#8221;{}&#8221; open=&#8221;off&#8221;]<\/p>\n<p data-start=\"127\" data-end=\"291\">Soms loopt het leven iets anders dan gepland en kun je onverwacht toch niet mee doen met de cursus waarvoor je je hebt opgegeven.<\/p>\n<p data-start=\"127\" data-end=\"291\">Laat dit in dat geval zo snel mogelijk weten aan de docent. Omdat we vooraf al kosten maken voor o.a. de ruimte, warmte, materiaal en lekkers, krijg je bij een late afmelding je cursusgeld terug minus de gemaakte kosten. Hoeveel dat precies is, verschilt per cursus en docent.<\/p>\n<p data-start=\"127\" data-end=\"291\">Onze groepen zijn bewust klein, zodat we iedereen voldoende aandacht kunnen geven. Bij een tijdige afmelding kan er misschien nog iemand van de wachtlijst blij worden gemaakt met jouw plekje.<\/p>\n<p>[\/et_pb_accordion_item][et_pb_accordion_item title=&#8221;Ruimte huren&#8221; _builder_version=&#8221;4.27.4&#8243; _module_preset=&#8221;default&#8221; global_colors_info=&#8221;{}&#8221; open=&#8221;off&#8221;]<\/p>\n<p>De lesruimte is te huur voor workshops, lezingen en cursussen die aansluiten bij de visie dat mensen een zelfhelend vermogen hebben, zichzelf willen begrijpen en eraan werken om fysiek, mentaal en emotioneel beter in balans te zijn.<\/p>\n<p><span style=\"text-decoration: underline;\">Ruimte<\/span><\/p>\n<ul>\n<li>afmeting 10 x 5 meter<\/li>\n<li>aparte gardarobe<\/li>\n<li>yoga matten<\/li>\n<li>tafels en stoelen<\/li>\n<li>waterkoker en bekers<\/li>\n<li>op de 1e verdieping, er is geen lift<\/li>\n<li>toilet op de begane grond<\/li>\n<\/ul>\n<p><span style=\"text-decoration-line: underline;\">Huurprijs<\/span><\/p>\n<ul>\n<li>\u20ac 25,00 voor 1 uur, incl. 15 minuten voor en na.<\/li>\n<li>\u20ac 10,00 voor elke extra uur of deel van een uur.<\/li>\n<\/ul>\n<p>Mocht je interesse hebben, neem dan contact op en kom langs om de ruimte te bekijken.<\/p>\n<p>[\/et_pb_accordion_item][\/et_pb_accordion][\/et_pb_column][\/et_pb_row][\/et_pb_section]<\/p>\n","protected":false},"excerpt":{"rendered":"<p>Workshops Laat je verrassen, raken en versterken Iedereen wil stevig met beide voeten op de grond staan en met een helder hoofd in het leven. Soms kom je erachter dat er dingen zijn die je tegenhouden \u2014 emoties die je in de weg zitten, patronen die je steeds weer tegenkomt. Naast de Zhineng Qigong geven [&hellip;]<\/p>\n","protected":false},"author":1,"featured_media":0,"parent":0,"menu_order":0,"comment_status":"closed","ping_status":"closed","template":"","meta":{"_et_pb_use_builder":"on","_et_pb_old_content":"","_et_gb_content_width":"","footnotes":""},"class_list":["post-1135","page","type-page","status-publish","hentry"],"_links":{"self":[{"href":"https:\/\/connybeter.nl\/index.php\/wp-json\/wp\/v2\/pages\/1135","targetHints":{"allow":["GET"]}}],"collection":[{"href":"https:\/\/connybeter.nl\/index.php\/wp-json\/wp\/v2\/pages"}],"about":[{"href":"https:\/\/connybeter.nl\/index.php\/wp-json\/wp\/v2\/types\/page"}],"author":[{"embeddable":true,"href":"https:\/\/connybeter.nl\/index.php\/wp-json\/wp\/v2\/users\/1"}],"replies":[{"embeddable":true,"href":"https:\/\/connybeter.nl\/index.php\/wp-json\/wp\/v2\/comments?post=1135"}],"version-history":[{"count":58,"href":"https:\/\/connybeter.nl\/index.php\/wp-json\/wp\/v2\/pages\/1135\/revisions"}],"predecessor-version":[{"id":1416,"href":"https:\/\/connybeter.nl\/index.php\/wp-json\/wp\/v2\/pages\/1135\/revisions\/1416"}],"wp:attachment":[{"href":"https:\/\/connybeter.nl\/index.php\/wp-json\/wp\/v2\/media?parent=1135"}],"curies":[{"name":"wp","href":"https:\/\/api.w.org\/{rel}","templated":true}]}}